{"id":20,"date":"2017-07-03T10:20:29","date_gmt":"2017-07-03T10:20:29","guid":{"rendered":"http:\/\/www.helixcv.com\/?page_id=20"},"modified":"2021-05-19T10:33:43","modified_gmt":"2021-05-19T08:33:43","slug":"blog","status":"publish","type":"page","link":"http:\/\/www.helixcv.com\/index.php\/blog\/","title":{"rendered":"ASOCIACIONES"},"content":{"rendered":"<p>La Federaci\u00f3n Helix la integran 5 asociaciones de las provincias de Castell\u00f3n, Valencia y Alicante, que vertebran el proyecto com\u00fan de velar por las necesidades y los derechos de las personas con discapacidad sensorial, para que puedan desenvolverse de manera inclusiva en todos los \u00e1mbitos de la sociedad.\u00a0 En este sentido, desde Helix y las asociaciones federadas a ella, apostamos por el lenguaje oral para lograr la plena inclusi\u00f3n de las personas sordas en la sociedad.<em>\u00a0<\/em><\/p>\n<p><em>En Espa\u00f1a, existen 1.064.000 personas con discapacidad auditiva de distinto tipo y grado. De ellas, m\u00e1s del 98% utiliza la lengua oral para comunicarse. Seg\u00fan el INE, 13.300 personas son las que emplean la lengua de signos. Encuesta de Discapacidad, Autonom\u00eda Personal y Situaciones de Dependencia, a\u00f1o 2008-INE). <\/em>Datos facilitados por FIAPAS.<\/p>\n<p>Para ello ponemos a su disposici\u00f3n servicios de orientaci\u00f3n para la detecci\u00f3n temprana de la sordera, profesionales en Logopedia para ofrecer un aprendizaje de la lengua oral adaptado a sus necesidades personales, asesoramiento en audifon\u00eda e implantes cocleares, etc. Tambi\u00e9n disponemos de Servicio de inserci\u00f3n de empleo. Asimismo ofrecemos Servici\u00f3 de atenci\u00f3n, orientaci\u00f3n y apoyo a los familiares y amigos\/as de las personas sordas para caminar juntos a trav\u00e9s de Escuelas de padres\/madres, Encuentros con las familias y Jornadas Formativas, logrando as\u00ed un crecimiento integral y personal.<\/p>\n<p>A ello se le une la labor de cohesi\u00f3n de Helix, para conseguir que todas las personas sordas de la Comunidad Valenciana tengan un referente al que poder dirigirse para cualquier necesidad que se les presente.<\/p>\n<p>Desde Helix y sus asociaciones trabajamos d\u00eda a d\u00eda por la accesibilidad de las personas con sordera, para eliminar barreras en el \u00e1mbito de la comunicaci\u00f3n y que la discapacidad sensorial no impida su desarrollo personal como ciudadanos\/as en todos los niveles, sino que alcancen una autonom\u00eda plena, sin limitaciones, y aumentar as\u00ed su calidad de vida.<\/p>\n<p>Las asociaciones que forman Helix son: ASPAS VALENCIA, ASPAS CASTELL\u00d3N, APANAH, APANAS y BONAVENTURA.<\/p>\n<p>Haz clic sobre cada logo\u00a0 para acceder al sitio web.<\/p>\n<p><a href=\"https:\/\/sites.google.com\/site\/aspascastellonweb\/centro-de-atencion-temprana\"><img data-attachment-id=\"1152\" data-permalink=\"http:\/\/www.helixcv.com\/index.php\/blog\/aspas-castellon-2\/\" data-orig-file=\"https:\/\/i1.wp.com\/www.helixcv.com\/wp-content\/uploads\/2017\/08\/ASPAS-CASTELLON.png?fit=851%2C315\" data-orig-size=\"851,315\" data-comments-opened=\"0\" data-image-meta=\"{&quot;aperture&quot;:&quot;0&quot;,&quot;credit&quot;:&quot;&quot;,&quot;camera&quot;:&quot;&quot;,&quot;caption&quot;:&quot;&quot;,&quot;created_timestamp&quot;:&quot;0&quot;,&quot;copyright&quot;:&quot;&quot;,&quot;focal_length&quot;:&quot;0&quot;,&quot;iso&quot;:&quot;0&quot;,&quot;shutter_speed&quot;:&quot;0&quot;,&quot;title&quot;:&quot;&quot;,&quot;orientation&quot;:&quot;0&quot;}\" data-image-title=\"ASPAS-CASTELLON\" data-image-description=\"\" data-medium-file=\"https:\/\/i1.wp.com\/www.helixcv.com\/wp-content\/uploads\/2017\/08\/ASPAS-CASTELLON.png?fit=300%2C111\" data-large-file=\"https:\/\/i1.wp.com\/www.helixcv.com\/wp-content\/uploads\/2017\/08\/ASPAS-CASTELLON.png?fit=720%2C267\" decoding=\"async\" loading=\"lazy\" class=\"wp-image-1152 aligncenter\" src=\"https:\/\/i1.wp.com\/www.helixcv.com\/wp-content\/uploads\/2017\/08\/ASPAS-CASTELLON.png?resize=567%2C203\" alt=\"\" width=\"567\" height=\"203\" srcset=\"https:\/\/i1.wp.com\/www.helixcv.com\/wp-content\/uploads\/2017\/08\/ASPAS-CASTELLON.png?zoom=2&amp;resize=567%2C203 1134w, https:\/\/i1.wp.com\/www.helixcv.com\/wp-content\/uploads\/2017\/08\/ASPAS-CASTELLON.png?zoom=3&amp;resize=567%2C203 1701w\" sizes=\"(max-width: 567px) 100vw, 567px\" data-recalc-dims=\"1\" \/><\/a><\/p>\n<h3>\u00a0<a href=\"http:\/\/aspasvalencia.com\/\"><img data-attachment-id=\"1153\" data-permalink=\"http:\/\/www.helixcv.com\/index.php\/blog\/aspas-valencia-2\/\" data-orig-file=\"https:\/\/i0.wp.com\/www.helixcv.com\/wp-content\/uploads\/2017\/08\/ASPAS-VALENCIA.png?fit=851%2C315\" data-orig-size=\"851,315\" data-comments-opened=\"0\" data-image-meta=\"{&quot;aperture&quot;:&quot;0&quot;,&quot;credit&quot;:&quot;&quot;,&quot;camera&quot;:&quot;&quot;,&quot;caption&quot;:&quot;&quot;,&quot;created_timestamp&quot;:&quot;0&quot;,&quot;copyright&quot;:&quot;&quot;,&quot;focal_length&quot;:&quot;0&quot;,&quot;iso&quot;:&quot;0&quot;,&quot;shutter_speed&quot;:&quot;0&quot;,&quot;title&quot;:&quot;&quot;,&quot;orientation&quot;:&quot;0&quot;}\" data-image-title=\"ASPAS-VALENCIA\" data-image-description=\"\" data-medium-file=\"https:\/\/i0.wp.com\/www.helixcv.com\/wp-content\/uploads\/2017\/08\/ASPAS-VALENCIA.png?fit=300%2C111\" data-large-file=\"https:\/\/i0.wp.com\/www.helixcv.com\/wp-content\/uploads\/2017\/08\/ASPAS-VALENCIA.png?fit=720%2C267\" decoding=\"async\" loading=\"lazy\" class=\"wp-image-1153 aligncenter\" src=\"https:\/\/i0.wp.com\/www.helixcv.com\/wp-content\/uploads\/2017\/08\/ASPAS-VALENCIA.png?resize=561%2C217\" alt=\"\" width=\"561\" height=\"217\" srcset=\"https:\/\/i0.wp.com\/www.helixcv.com\/wp-content\/uploads\/2017\/08\/ASPAS-VALENCIA.png?zoom=2&amp;resize=561%2C217 1122w, https:\/\/i0.wp.com\/www.helixcv.com\/wp-content\/uploads\/2017\/08\/ASPAS-VALENCIA.png?zoom=3&amp;resize=561%2C217 1683w\" sizes=\"(max-width: 561px) 100vw, 561px\" data-recalc-dims=\"1\" \/><\/a><\/h3>\n<p><a href=\"https:\/\/www.apanah.com\/\"><img data-attachment-id=\"1150\" data-permalink=\"http:\/\/www.helixcv.com\/index.php\/blog\/apanah-2\/\" data-orig-file=\"https:\/\/i1.wp.com\/www.helixcv.com\/wp-content\/uploads\/2017\/08\/APANAH.png?fit=851%2C315\" data-orig-size=\"851,315\" data-comments-opened=\"0\" data-image-meta=\"{&quot;aperture&quot;:&quot;0&quot;,&quot;credit&quot;:&quot;&quot;,&quot;camera&quot;:&quot;&quot;,&quot;caption&quot;:&quot;&quot;,&quot;created_timestamp&quot;:&quot;0&quot;,&quot;copyright&quot;:&quot;&quot;,&quot;focal_length&quot;:&quot;0&quot;,&quot;iso&quot;:&quot;0&quot;,&quot;shutter_speed&quot;:&quot;0&quot;,&quot;title&quot;:&quot;&quot;,&quot;orientation&quot;:&quot;0&quot;}\" data-image-title=\"APANAH\" data-image-description=\"\" data-medium-file=\"https:\/\/i1.wp.com\/www.helixcv.com\/wp-content\/uploads\/2017\/08\/APANAH.png?fit=300%2C111\" data-large-file=\"https:\/\/i1.wp.com\/www.helixcv.com\/wp-content\/uploads\/2017\/08\/APANAH.png?fit=720%2C267\" decoding=\"async\" loading=\"lazy\" class=\"wp-image-1150 aligncenter\" src=\"https:\/\/i1.wp.com\/www.helixcv.com\/wp-content\/uploads\/2017\/08\/APANAH.png?resize=561%2C221\" alt=\"\" width=\"561\" height=\"221\" srcset=\"https:\/\/i1.wp.com\/www.helixcv.com\/wp-content\/uploads\/2017\/08\/APANAH.png?zoom=2&amp;resize=561%2C221 1122w, https:\/\/i1.wp.com\/www.helixcv.com\/wp-content\/uploads\/2017\/08\/APANAH.png?zoom=3&amp;resize=561%2C221 1683w\" sizes=\"(max-width: 561px) 100vw, 561px\" data-recalc-dims=\"1\" \/><\/a><\/p>\n<h3>\u00a0\u00a0\u00a0\u00a0<a href=\"https:\/\/www.facebook.com\/apanasaspe\/\"><img data-attachment-id=\"1151\" data-permalink=\"http:\/\/www.helixcv.com\/index.php\/blog\/apanas-aspe-2\/\" data-orig-file=\"https:\/\/i0.wp.com\/www.helixcv.com\/wp-content\/uploads\/2017\/08\/APANAS-ASPE.png?fit=851%2C315\" data-orig-size=\"851,315\" data-comments-opened=\"0\" data-image-meta=\"{&quot;aperture&quot;:&quot;0&quot;,&quot;credit&quot;:&quot;&quot;,&quot;camera&quot;:&quot;&quot;,&quot;caption&quot;:&quot;&quot;,&quot;created_timestamp&quot;:&quot;0&quot;,&quot;copyright&quot;:&quot;&quot;,&quot;focal_length&quot;:&quot;0&quot;,&quot;iso&quot;:&quot;0&quot;,&quot;shutter_speed&quot;:&quot;0&quot;,&quot;title&quot;:&quot;&quot;,&quot;orientation&quot;:&quot;0&quot;}\" data-image-title=\"APANAS-ASPE\" data-image-description=\"\" data-medium-file=\"https:\/\/i0.wp.com\/www.helixcv.com\/wp-content\/uploads\/2017\/08\/APANAS-ASPE.png?fit=300%2C111\" data-large-file=\"https:\/\/i0.wp.com\/www.helixcv.com\/wp-content\/uploads\/2017\/08\/APANAS-ASPE.png?fit=720%2C267\" decoding=\"async\" loading=\"lazy\" class=\"wp-image-1151 aligncenter\" src=\"https:\/\/i0.wp.com\/www.helixcv.com\/wp-content\/uploads\/2017\/08\/APANAS-ASPE.png?resize=559%2C211\" alt=\"\" width=\"559\" height=\"211\" srcset=\"https:\/\/i0.wp.com\/www.helixcv.com\/wp-content\/uploads\/2017\/08\/APANAS-ASPE.png?zoom=2&amp;resize=559%2C211 1118w, https:\/\/i0.wp.com\/www.helixcv.com\/wp-content\/uploads\/2017\/08\/APANAS-ASPE.png?zoom=3&amp;resize=559%2C211 1677w\" sizes=\"(max-width: 559px) 100vw, 559px\" data-recalc-dims=\"1\" \/><\/a><\/h3>\n","protected":false},"excerpt":{"rendered":"<p>La Federaci\u00f3n Helix la integran 5 asociaciones de las provincias de Castell\u00f3n, Valencia y Alicante, que vertebran el proyecto com\u00fan de velar por las necesidades y los derechos de las personas con discapacidad sensorial, para que puedan desenvolverse de manera inclusiva en todos los \u00e1mbitos de la sociedad.\u00a0 En este sentido, desde Helix y las [&hellip;]<\/p>\n","protected":false},"author":1,"featured_media":556,"parent":0,"menu_order":0,"comment_status":"closed","ping_status":"closed","template":"","meta":{"spay_email":""},"tags":[],"jetpack_sharing_enabled":true,"jetpack_shortlink":"https:\/\/wp.me\/PaAiqS-k","_links":{"self":[{"href":"http:\/\/www.helixcv.com\/index.php\/wp-json\/wp\/v2\/pages\/20"}],"collection":[{"href":"http:\/\/www.helixcv.com\/index.php\/wp-json\/wp\/v2\/pages"}],"about":[{"href":"http:\/\/www.helixcv.com\/index.php\/wp-json\/wp\/v2\/types\/page"}],"author":[{"embeddable":true,"href":"http:\/\/www.helixcv.com\/index.php\/wp-json\/wp\/v2\/users\/1"}],"replies":[{"embeddable":true,"href":"http:\/\/www.helixcv.com\/index.php\/wp-json\/wp\/v2\/comments?post=20"}],"version-history":[{"count":38,"href":"http:\/\/www.helixcv.com\/index.php\/wp-json\/wp\/v2\/pages\/20\/revisions"}],"predecessor-version":[{"id":2135,"href":"http:\/\/www.helixcv.com\/index.php\/wp-json\/wp\/v2\/pages\/20\/revisions\/2135"}],"wp:featuredmedia":[{"embeddable":true,"href":"http:\/\/www.helixcv.com\/index.php\/wp-json\/wp\/v2\/media\/556"}],"wp:attachment":[{"href":"http:\/\/www.helixcv.com\/index.php\/wp-json\/wp\/v2\/media?parent=20"}],"wp:term":[{"taxonomy":"post_tag","embeddable":true,"href":"http:\/\/www.helixcv.com\/index.php\/wp-json\/wp\/v2\/tags?post=20"}],"curies":[{"name":"wp","href":"https:\/\/api.w.org\/{rel}","templated":true}]}}